{"id":4025,"date":"2026-01-12T11:38:37","date_gmt":"2026-01-12T10:38:37","guid":{"rendered":"https:\/\/www.ruby-services.com\/?post_type=evenement&#038;p=4025"},"modified":"2026-04-24T16:13:14","modified_gmt":"2026-04-24T14:13:14","slug":"midem","status":"publish","type":"evenement","link":"https:\/\/www.ruby-services.com\/fr\/evenement\/midem\/","title":{"rendered":"MIDEM"},"content":{"rendered":"<p><div class=\"fusion-fullwidth fullwidth-box fusion-builder-row-1 fusion-flex-container has-pattern-background has-mask-background nonhundred-percent-fullwidth non-hundred-percent-height-scrolling\" style=\"--awb-border-radius-top-left:0px;--awb-border-radius-top-right:0px;--awb-border-radius-bottom-right:0px;--awb-border-radius-bottom-left:0px;--awb-padding-top:0px;--awb-padding-right:0px;--awb-padding-bottom:0px;--awb-padding-left:0px;--awb-flex-wrap:wrap;\" id=\"transfert-tous-les-aeroports\" ><div class=\"fusion-builder-row fusion-row fusion-flex-align-items-flex-start fusion-flex-content-wrap\" style=\"max-width:calc( 1280px + );margin-left: calc(- \/ 2 );margin-right: calc(- \/ 2 );\"><div class=\"fusion-layout-column fusion_builder_column fusion-builder-column-0 fusion_builder_column_1_1 1_1 fusion-flex-column\" style=\"--awb-padding-top:32px;--awb-padding-right:32px;--awb-padding-bottom:32px;--awb-padding-left:32px;--awb-padding-top-medium:32px;--awb-padding-right-medium:32px;--awb-padding-bottom-medium:32px;--awb-padding-left-medium:32px;--awb-padding-top-small:32px;--awb-padding-right-small:16px;--awb-padding-bottom-small:32px;--awb-padding-left-small:16px;--awb-bg-size:cover;--awb-width-large:100%;--awb-margin-top-large:0px;--awb-spacing-right-large:0px;--awb-margin-bottom-large:0px;--awb-spacing-left-large:0px;--awb-width-medium:100%;--awb-order-medium:0;--awb-spacing-right-medium:0px;--awb-spacing-left-medium:0px;--awb-width-small:100%;--awb-order-small:0;\" data-scroll-devices=\"small-visibility,medium-visibility,large-visibility\"><div class=\"fusion-column-wrapper fusion-column-has-shadow fusion-flex-justify-content-flex-start fusion-content-layout-column\"><div class=\"fusion-title title fusion-title-1 fusion-sep-none fusion-title-text fusion-title-size-two article-title-h2\" style=\"--awb-text-color:var(--awb-color4);--awb-margin-top-small:10px;--awb-margin-right-small:0px;--awb-margin-bottom-small:10px;--awb-margin-left-small:0px;--awb-font-size:var(--awb-custom_typography_1-font-size);\"><h2 class=\"fusion-title-heading title-heading-left\" style=\"font-family:var(--awb-custom_typography_1-font-family);font-weight:var(--awb-custom_typography_1-font-weight);font-style:var(--awb-custom_typography_1-font-style);margin:0;letter-spacing:var(--awb-custom_typography_1-letter-spacing);text-transform:var(--awb-custom_typography_1-text-transform);font-size:1em;line-height:95%;\">Le MIDEM, c\u2019est quoi ?<\/h2><\/div><div class=\"fusion-text fusion-text-1 article-body\" style=\"--awb-font-size:1rem;--awb-line-height:var(--awb-custom_typography_3-line-height);--awb-letter-spacing:var(--awb-custom_typography_3-letter-spacing);--awb-text-transform:var(--awb-custom_typography_3-text-transform);--awb-margin-top:20px;--awb-text-font-family:&quot;Didact Gothic&quot;;--awb-text-font-style:normal;--awb-text-font-weight:400;\"><p>Le <b>MIDEM<\/b> est un rendez-vous international pens\u00e9 comme une plateforme de travail pour l\u2019\u00e9cosyst\u00e8me musique : on y vient pour <b>\u00e9changer, nouer des collaborations, rep\u00e9rer les tendances<\/b> et faire avancer des projets, au contact de profils tr\u00e8s vari\u00e9s (d\u00e9cideurs, artistes, innovateurs, start-ups). L\u2019\u00e9v\u00e9nement est pr\u00e9sent\u00e9 comme un <b>\u201cGlobal Meeting\u201d<\/b> o\u00f9 l\u2019industrie se retrouve pour se projeter sur les \u00e9volutions du secteur.<\/p>\n<p>Dans sa formule actuelle, le MIDEM m\u00eale contenus et rencontres (conf\u00e9rences, formats d\u2019\u00e9changes, sessions th\u00e9matiques) et une dimension plus ouverte au public via <b>MIDEM Live<\/b>. La programmation est structur\u00e9e en diff\u00e9rents volets (ex. Academy, Agora, Connect, Live), ce qui permet de passer d\u2019une logique \u201cbusiness\u201d \u00e0 une logique \u201csc\u00e8ne\u201d sans perdre le fil.<\/p>\n<\/div><\/div><\/div><\/div><\/div><div class=\"fusion-fullwidth fullwidth-box fusion-builder-row-2 fusion-flex-container has-pattern-background has-mask-background nonhundred-percent-fullwidth non-hundred-percent-height-scrolling\" style=\"--awb-border-radius-top-left:0px;--awb-border-radius-top-right:0px;--awb-border-radius-bottom-right:0px;--awb-border-radius-bottom-left:0px;--awb-padding-top:0px;--awb-padding-right:0px;--awb-padding-bottom:0px;--awb-padding-left:0px;--awb-flex-wrap:wrap;\" id=\"transfert-tous-les-aeroports\" ><div class=\"fusion-builder-row fusion-row fusion-flex-align-items-flex-start fusion-flex-content-wrap\" style=\"max-width:calc( 1280px + );margin-left: calc(- \/ 2 );margin-right: calc(- \/ 2 );\"><div class=\"fusion-layout-column fusion_builder_column fusion-builder-column-1 fusion_builder_column_1_1 1_1 fusion-flex-column\" style=\"--awb-padding-top:32px;--awb-padding-right:32px;--awb-padding-bottom:32px;--awb-padding-left:32px;--awb-padding-top-medium:32px;--awb-padding-right-medium:32px;--awb-padding-bottom-medium:32px;--awb-padding-left-medium:32px;--awb-padding-top-small:32px;--awb-padding-right-small:16px;--awb-padding-bottom-small:32px;--awb-padding-left-small:16px;--awb-bg-size:cover;--awb-width-large:100%;--awb-margin-top-large:0px;--awb-spacing-right-large:0px;--awb-margin-bottom-large:0px;--awb-spacing-left-large:0px;--awb-width-medium:100%;--awb-order-medium:0;--awb-spacing-right-medium:0px;--awb-spacing-left-medium:0px;--awb-width-small:100%;--awb-order-small:0;\" data-scroll-devices=\"small-visibility,medium-visibility,large-visibility\"><div class=\"fusion-column-wrapper fusion-column-has-shadow fusion-flex-justify-content-flex-start fusion-content-layout-column\"><div class=\"fusion-title title fusion-title-2 fusion-sep-none fusion-title-text fusion-title-size-two article-title-h2\" style=\"--awb-text-color:var(--awb-color4);--awb-margin-top-small:10px;--awb-margin-right-small:0px;--awb-margin-bottom-small:10px;--awb-margin-left-small:0px;--awb-font-size:var(--awb-custom_typography_1-font-size);\"><h2 class=\"fusion-title-heading title-heading-left\" style=\"font-family:var(--awb-custom_typography_1-font-family);font-weight:var(--awb-custom_typography_1-font-weight);font-style:var(--awb-custom_typography_1-font-style);margin:0;letter-spacing:var(--awb-custom_typography_1-letter-spacing);text-transform:var(--awb-custom_typography_1-text-transform);font-size:1em;line-height:95%;\">La naissance d\u2019un \u201cmarch\u00e9\u201d musical \u00e0 Cannes<\/h2><\/div><div class=\"fusion-text fusion-text-2 article-body\" style=\"--awb-font-size:1rem;--awb-line-height:var(--awb-custom_typography_3-line-height);--awb-letter-spacing:var(--awb-custom_typography_3-letter-spacing);--awb-text-transform:var(--awb-custom_typography_3-text-transform);--awb-margin-top:20px;--awb-text-font-family:&quot;Didact Gothic&quot;;--awb-text-font-style:normal;--awb-text-font-weight:400;\"><p>Le MIDEM d\u00e9marre comme un <b>vrai march\u00e9 international<\/b> : d\u00e8s sa premi\u00e8re \u00e9dition, il est pens\u00e9 pour r\u00e9unir, au m\u00eame endroit, ceux qui <b>ach\u00e8tent, vendent et diffusent<\/b> la musique. Fin janvier <b>1967<\/b>, le Palais des Festivals accueille ce premier rassemblement pr\u00e9sent\u00e9 comme mondial, avec des centaines d\u2019entreprises et des participants venus pour confronter leurs catalogues, n\u00e9gocier et nouer des accords.<\/p>\n<p>Le choix de Cannes n\u2019est pas anodin, la ville offre un format propice aux rencontres intensives, dans un lieu unique et cela sur plusieurs jours. Tr\u00e8s vite, la m\u00e9canique d\u2019un rendez-vous concentr\u00e9, o\u00f9 se croisent business, rep\u00e9rage et influence, devient la signature du MIDEM et explique pourquoi l\u2019\u00e9v\u00e9nement a marqu\u00e9 durablement l\u2019histoire de l\u2019industrie musicale.<\/p>\n<\/div><\/div><\/div><\/div><\/div><div class=\"fusion-fullwidth fullwidth-box fusion-builder-row-3 fusion-flex-container has-pattern-background has-mask-background nonhundred-percent-fullwidth non-hundred-percent-height-scrolling\" style=\"--awb-border-radius-top-left:0px;--awb-border-radius-top-right:0px;--awb-border-radius-bottom-right:0px;--awb-border-radius-bottom-left:0px;--awb-margin-top:32px;--awb-margin-bottom:32px;--awb-flex-wrap:wrap;\" id=\"vip-and-greet\" ><div class=\"fusion-builder-row fusion-row fusion-flex-align-items-flex-start fusion-flex-content-wrap\" style=\"max-width:calc( 1280px + );margin-left: calc(- \/ 2 );margin-right: calc(- \/ 2 );\"><div class=\"fusion-layout-column fusion_builder_column fusion-builder-column-2 fusion_builder_column_1_1 1_1 fusion-flex-column\" style=\"--awb-padding-top:2rem;--awb-padding-right:2rem;--awb-padding-bottom:2rem;--awb-padding-left:2rem;--awb-padding-top-small:2rem;--awb-padding-right-small:1rem;--awb-padding-bottom-small:2rem;--awb-padding-left-small:1rem;--awb-bg-color:var(--awb-color8);--awb-bg-color-hover:var(--awb-color8);--awb-bg-size:cover;--awb-width-large:100%;--awb-margin-top-large:0px;--awb-spacing-right-large:0px;--awb-margin-bottom-large:0px;--awb-spacing-left-large:0px;--awb-width-medium:100%;--awb-order-medium:0;--awb-spacing-right-medium:0px;--awb-spacing-left-medium:0px;--awb-width-small:100%;--awb-order-small:0;\" data-scroll-devices=\"small-visibility,medium-visibility,large-visibility\"><div class=\"fusion-column-wrapper fusion-column-has-shadow fusion-flex-justify-content-flex-start fusion-content-layout-column\"><div class=\"fusion-title title fusion-title-3 fusion-sep-none fusion-title-text fusion-title-size-three ignore-headings-toc\" style=\"--awb-text-color:var(--awb-color1);--awb-margin-top-small:10px;--awb-margin-right-small:0px;--awb-margin-bottom-small:10px;--awb-margin-left-small:0px;--awb-font-size:var(--awb-custom_typography_8-font-size);\"><h3 class=\"fusion-title-heading title-heading-left\" style=\"font-family:var(--awb-custom_typography_8-font-family);font-weight:var(--awb-custom_typography_8-font-weight);font-style:var(--awb-custom_typography_8-font-style);margin:0;letter-spacing:var(--awb-custom_typography_8-letter-spacing);text-transform:var(--awb-custom_typography_8-text-transform);font-size:1em;line-height:105%;\">Chauffeur priv\u00e9 pour le MIDEM<\/h3><\/div><div class=\"fusion-text fusion-text-3\" style=\"--awb-font-size:var(--awb-typography5-font-size);--awb-line-height:125%;--awb-letter-spacing:0px;--awb-text-transform:var(--awb-typography5-text-transform);--awb-text-color:var(--awb-color1);--awb-margin-top:15px;--awb-text-font-family:&quot;Didact Gothic&quot;;--awb-text-font-style:normal;--awb-text-font-weight:400;\"><p>Fa\u00eetes appel \u00e0 un service de chauffeur priv\u00e9 pour toute la dur\u00e9e du Midem \u00e0 Cannes. De la logistique \u00e0 une mise \u00e0 disposition sur mesure, nos chauffeurs priv\u00e9s sauront prendre en charge tous vos d\u00e9placements hors et durant l\u2019\u00e9v\u00e9nement. Un service flexible et disponible \u00e0 tout moment.<\/p>\n<\/div><div ><a class=\"fusion-button button-flat fusion-button-default-size button-custom fusion-button-default button-1 fusion-button-default-span fusion-button-default-type dark-btn\" style=\"--awb-padding-top:12px;--awb-padding-right:16px;--awb-padding-bottom:12px;--awb-padding-left:16px;--button_accent_color:var(--awb-color1);--button_accent_hover_color:var(--awb-color8);--button_border_hover_color:var(--awb-color8);--button_border_width-top:1px;--button_border_width-right:1px;--button_border_width-bottom:1px;--button_border_width-left:1px;--button-border-radius-top-left:0px;--button-border-radius-top-right:0px;--button-border-radius-bottom-right:0px;--button-border-radius-bottom-left:0px;--button_gradient_top_color:var(--awb-custom_color_1);--button_gradient_bottom_color:var(--awb-custom_color_1);--button_gradient_top_color_hover:var(--awb-color1);--button_gradient_bottom_color_hover:var(--awb-color1);--button_text_transform:var(--awb-typography5-text-transform);--button_font_size:var(--awb-typography5-font-size);--button_line_height:var(--awb-typography5-line-height);--button_typography-letter-spacing:0px;--button_typography-font-family:&quot;Didact Gothic&quot;;--button_typography-font-style:normal;--button_typography-font-weight:400;\" target=\"_self\" href=\"https:\/\/www.ruby-services.com\/fr\/chauffeur-evenement\/chauffeur-prive-evenement-midem\/\"><span class=\"fusion-button-text awb-button__text awb-button__text--default\">En savoir plus<\/span><\/a><\/div><\/div><\/div><\/div><\/div><div class=\"fusion-fullwidth fullwidth-box fusion-builder-row-4 fusion-flex-container has-pattern-background has-mask-background nonhundred-percent-fullwidth non-hundred-percent-height-scrolling\" style=\"--awb-border-radius-top-left:0px;--awb-border-radius-top-right:0px;--awb-border-radius-bottom-right:0px;--awb-border-radius-bottom-left:0px;--awb-padding-top:0px;--awb-padding-right:0px;--awb-padding-bottom:0px;--awb-padding-left:0px;--awb-flex-wrap:wrap;\" id=\"transfert-tous-les-aeroports\" ><div class=\"fusion-builder-row fusion-row fusion-flex-align-items-flex-start fusion-flex-content-wrap\" style=\"max-width:calc( 1280px + );margin-left: calc(- \/ 2 );margin-right: calc(- \/ 2 );\"><div class=\"fusion-layout-column fusion_builder_column fusion-builder-column-3 fusion_builder_column_1_1 1_1 fusion-flex-column\" style=\"--awb-padding-top:32px;--awb-padding-right:32px;--awb-padding-bottom:32px;--awb-padding-left:32px;--awb-padding-top-medium:32px;--awb-padding-right-medium:32px;--awb-padding-bottom-medium:32px;--awb-padding-left-medium:32px;--awb-padding-top-small:32px;--awb-padding-right-small:16px;--awb-padding-bottom-small:32px;--awb-padding-left-small:16px;--awb-bg-size:cover;--awb-width-large:100%;--awb-margin-top-large:0px;--awb-spacing-right-large:0px;--awb-margin-bottom-large:0px;--awb-spacing-left-large:0px;--awb-width-medium:100%;--awb-order-medium:0;--awb-spacing-right-medium:0px;--awb-spacing-left-medium:0px;--awb-width-small:100%;--awb-order-small:0;\" data-scroll-devices=\"small-visibility,medium-visibility,large-visibility\"><div class=\"fusion-column-wrapper fusion-column-has-shadow fusion-flex-justify-content-flex-start fusion-content-layout-column\"><div class=\"fusion-title title fusion-title-4 fusion-sep-none fusion-title-text fusion-title-size-two article-title-h2\" style=\"--awb-text-color:var(--awb-color4);--awb-margin-top-small:10px;--awb-margin-right-small:0px;--awb-margin-bottom-small:10px;--awb-margin-left-small:0px;--awb-font-size:var(--awb-custom_typography_1-font-size);\"><h2 class=\"fusion-title-heading title-heading-left\" style=\"font-family:var(--awb-custom_typography_1-font-family);font-weight:var(--awb-custom_typography_1-font-weight);font-style:var(--awb-custom_typography_1-font-style);margin:0;letter-spacing:var(--awb-custom_typography_1-letter-spacing);text-transform:var(--awb-custom_typography_1-text-transform);font-size:1em;line-height:95%;\">Du \u201cgrand march\u00e9 du disque\u201d \u00e0 l\u2019\u00e9cosyst\u00e8me musique<\/h2><\/div><div class=\"fusion-text fusion-text-4 article-body\" style=\"--awb-font-size:1rem;--awb-line-height:var(--awb-custom_typography_3-line-height);--awb-letter-spacing:var(--awb-custom_typography_3-letter-spacing);--awb-text-transform:var(--awb-custom_typography_3-text-transform);--awb-margin-top:20px;--awb-text-font-family:&quot;Didact Gothic&quot;;--awb-text-font-style:normal;--awb-text-font-weight:400;\"><p>Pendant des d\u00e9cennies, le MIDEM a accompagn\u00e9 les mutations de l\u2019industrie : d\u2019abord centr\u00e9 sur la <b>circulation des catalogues<\/b> et les accords entre acteurs historiques, il a progressivement \u00e9largi son p\u00e9rim\u00e8tre \u00e0 mesure que la fili\u00e8re se complexifiait. \u00c0 Cannes, on ne vient plus seulement \u201cacheter et vendre\u201d de la musique : on y parle aussi de <b>strat\u00e9gies d\u2019artistes<\/b>, de nouveaux interm\u00e9diaires, de donn\u00e9es, et de la fa\u00e7on dont l\u2019innovation recompose les m\u00e9tiers. Cette logique est tr\u00e8s visible dans les formats mis en avant ces derni\u00e8res ann\u00e9es, notamment autour de l\u2019entrepreneuriat et de la tech, avec des espaces d\u00e9di\u00e9s aux jeunes entreprises et aux solutions \u00e9mergentes.<\/p>\n<p>Apr\u00e8s les perturbations li\u00e9es \u00e0 la p\u00e9riode Covid, un tournant intervient fin 2021 : <b>RX France<\/b> annonce qu\u2019elle <b>ne poursuivra plus l\u2019organisation<\/b> du MIDEM et confirme l\u2019annulation de l\u2019\u00e9dition 2022, tout en \u00e9voquant des discussions avanc\u00e9es pour une reprise de la marque par Cannes.<\/p>\n<p>La Ville de Cannes officialise ensuite la reprise et pr\u00e9sente une <b>nouvelle formule<\/b> destin\u00e9e \u00e0 redonner un souffle \u00e0 cet \u00e9v\u00e9nement historique du calendrier cannois.<\/p>\n<\/div><\/div><\/div><\/div><\/div><div class=\"fusion-fullwidth fullwidth-box fusion-builder-row-5 fusion-flex-container has-pattern-background has-mask-background nonhundred-percent-fullwidth non-hundred-percent-height-scrolling\" style=\"--awb-border-radius-top-left:0px;--awb-border-radius-top-right:0px;--awb-border-radius-bottom-right:0px;--awb-border-radius-bottom-left:0px;--awb-padding-top:32px;--awb-padding-right:32px;--awb-padding-bottom:32px;--awb-padding-left:32px;--awb-padding-top-medium:32px;--awb-padding-right-medium:32px;--awb-padding-bottom-medium:32px;--awb-padding-left-medium:32px;--awb-padding-top-small:32px;--awb-padding-right-small:16px;--awb-padding-bottom-small:32px;--awb-padding-left-small:16px;--awb-background-color:var(--awb-color1);--awb-flex-wrap:wrap;\" id=\"transfert-dans-vehicules-de-luxe\" ><div class=\"fusion-builder-row fusion-row fusion-flex-align-items-flex-start fusion-flex-content-wrap\" style=\"max-width:calc( 1280px + );margin-left: calc(- \/ 2 );margin-right: calc(- \/ 2 );\"><div class=\"fusion-layout-column fusion_builder_column fusion-builder-column-4 fusion_builder_column_1_1 1_1 fusion-flex-column\" style=\"--awb-bg-size:cover;--awb-width-large:100%;--awb-margin-top-large:0px;--awb-spacing-right-large:0px;--awb-margin-bottom-large:0px;--awb-spacing-left-large:0px;--awb-width-medium:100%;--awb-order-medium:0;--awb-spacing-right-medium:0px;--awb-spacing-left-medium:0px;--awb-width-small:100%;--awb-order-small:0;\"><div class=\"fusion-column-wrapper fusion-column-has-shadow fusion-flex-justify-content-flex-start fusion-content-layout-column\"><div class=\"fusion-title title fusion-title-5 fusion-sep-none fusion-title-text fusion-title-size-two article-title-h2\" style=\"--awb-text-color:var(--awb-color4);--awb-margin-top-small:10px;--awb-margin-right-small:0px;--awb-margin-bottom-small:10px;--awb-margin-left-small:0px;--awb-font-size:var(--awb-custom_typography_1-font-size);\"><h2 class=\"fusion-title-heading title-heading-left\" style=\"font-family:var(--awb-custom_typography_1-font-family);font-weight:var(--awb-custom_typography_1-font-weight);font-style:var(--awb-custom_typography_1-font-style);margin:0;letter-spacing:var(--awb-custom_typography_1-letter-spacing);text-transform:var(--awb-custom_typography_1-text-transform);font-size:1em;line-height:95%;\">Le MIDEM aujourd\u2019hui<\/h2><\/div><div class=\"fusion-text fusion-text-5 article-body\" style=\"--awb-font-size:1rem;--awb-line-height:125%;--awb-letter-spacing:var(--awb-custom_typography_3-letter-spacing);--awb-text-transform:var(--awb-custom_typography_3-text-transform);--awb-margin-top:15px;--awb-text-font-family:&quot;Didact Gothic&quot;;--awb-text-font-style:normal;--awb-text-font-weight:400;\"><p>Dans sa version actuelle, le MIDEM est construit autour de <b>quatre volets compl\u00e9mentaires<\/b> : <b>Academy, Agora, Connect et Live<\/b>,\u00a0 qui permettent de passer sur une m\u00eame semaine, de la formation ou des d\u00e9bats aux rencontres professionnelles, puis \u00e0 une programmation de concerts.<\/p>\n<p>Le pilier <b>Agora<\/b> se positionne comme l\u2019espace des <b>\u00e9changes et conf\u00e9rences<\/b> autour des grands sujets de l\u2019industrie musicale, tandis que <b>Academy<\/b> met l\u2019accent sur la <b>formation et l\u2019employabilit\u00e9<\/b> (masterclasses, tables rondes, ateliers, t\u00e9moignages).<\/p>\n<p>C\u00f4t\u00e9 <b>Connect<\/b>, l\u2019\u00e9v\u00e9nement concentre les <b>rencontres, synergies et opportunit\u00e9s business<\/b>, avec notamment des dispositifs d\u00e9di\u00e9s au recrutement<\/p>\n<p><b>Live<\/b> porte la dimension sc\u00e9nique, des <b>concerts au Palais des Festivals<\/b> annonc\u00e9s comme ouverts au public, avec une billetterie d\u00e9di\u00e9e.<\/p>\n<p>En parall\u00e8le, le MIDEM met fortement en avant l\u2019innovation via son <b>Startup Village<\/b>, pr\u00e9sent\u00e9 comme un espace d\u00e9di\u00e9 aux technologies qui transforment la cr\u00e9ation, la distribution et la mon\u00e9tisation de la musique (IA, data, nouvelles exp\u00e9riences live, outils pour artistes et labels).<\/p>\n<\/div><\/div><\/div><\/div><\/div><\/p>\n","protected":false},"featured_media":0,"template":"","meta":{"_acf_changed":false},"class_list":["post-4025","evenement","type-evenement","status-publish","hentry"],"acf":[],"yoast_head":"<!-- This site is optimized with the Yoast SEO plugin v27.5 - https:\/\/yoast.com\/product\/yoast-seo-wordpress\/ -->\n<title>MIDEM \u00e0 Cannes | Histoire de l&#039;\u00e9v\u00e9nement | Ruby Services<\/title>\n<meta name=\"description\" content=\"Le MIDEM est un rendez-vous international pens\u00e9 comme une plateforme de travail pour l\u2019\u00e9cosyst\u00e8me musique.\" \/>\n<meta name=\"robots\" content=\"index, follow, max-snippet:-1, max-image-preview:large, max-video-preview:-1\" \/>\n<link rel=\"canonical\" href=\"https:\/\/www.ruby-services.com\/fr\/evenement\/midem\/\" \/>\n<meta property=\"og:locale\" content=\"fr_FR\" \/>\n<meta property=\"og:type\" content=\"article\" \/>\n<meta property=\"og:title\" content=\"MIDEM \u00e0 Cannes | Histoire de l&#039;\u00e9v\u00e9nement | Ruby Services\" \/>\n<meta property=\"og:description\" content=\"Le MIDEM est un rendez-vous international pens\u00e9 comme une plateforme de travail pour l\u2019\u00e9cosyst\u00e8me musique.\" \/>\n<meta property=\"og:url\" content=\"https:\/\/www.ruby-services.com\/fr\/evenement\/midem\/\" \/>\n<meta property=\"og:site_name\" content=\"Ruby Services\" \/>\n<meta property=\"article:modified_time\" content=\"2026-04-24T14:13:14+00:00\" \/>\n<meta name=\"twitter:card\" content=\"summary_large_image\" \/>\n<meta name=\"twitter:label1\" content=\"Dur\u00e9e de lecture estim\u00e9e\" \/>\n\t<meta name=\"twitter:data1\" content=\"4 minutes\" \/>\n<script type=\"application\/ld+json\" class=\"yoast-schema-graph\">{\"@context\":\"https:\\\/\\\/schema.org\",\"@graph\":[{\"@type\":\"WebPage\",\"@id\":\"https:\\\/\\\/www.ruby-services.com\\\/fr\\\/evenement\\\/midem\\\/\",\"url\":\"https:\\\/\\\/www.ruby-services.com\\\/fr\\\/evenement\\\/midem\\\/\",\"name\":\"MIDEM \u00e0 Cannes | Histoire de l'\u00e9v\u00e9nement | Ruby Services\",\"isPartOf\":{\"@id\":\"https:\\\/\\\/www.ruby-services.com\\\/fr\\\/#website\"},\"datePublished\":\"2026-01-12T10:38:37+00:00\",\"dateModified\":\"2026-04-24T14:13:14+00:00\",\"description\":\"Le MIDEM est un rendez-vous international pens\u00e9 comme une plateforme de travail pour l\u2019\u00e9cosyst\u00e8me musique.\",\"breadcrumb\":{\"@id\":\"https:\\\/\\\/www.ruby-services.com\\\/fr\\\/evenement\\\/midem\\\/#breadcrumb\"},\"inLanguage\":\"fr-FR\",\"potentialAction\":[{\"@type\":\"ReadAction\",\"target\":[\"https:\\\/\\\/www.ruby-services.com\\\/fr\\\/evenement\\\/midem\\\/\"]}]},{\"@type\":\"BreadcrumbList\",\"@id\":\"https:\\\/\\\/www.ruby-services.com\\\/fr\\\/evenement\\\/midem\\\/#breadcrumb\",\"itemListElement\":[{\"@type\":\"ListItem\",\"position\":1,\"name\":\"Home\",\"item\":\"https:\\\/\\\/www.ruby-services.com\\\/fr\\\/\"},{\"@type\":\"ListItem\",\"position\":2,\"name\":\"MIDEM\"}]},{\"@type\":\"WebSite\",\"@id\":\"https:\\\/\\\/www.ruby-services.com\\\/fr\\\/#website\",\"url\":\"https:\\\/\\\/www.ruby-services.com\\\/fr\\\/\",\"name\":\"Ruby Services\",\"description\":\"\",\"potentialAction\":[{\"@type\":\"SearchAction\",\"target\":{\"@type\":\"EntryPoint\",\"urlTemplate\":\"https:\\\/\\\/www.ruby-services.com\\\/fr\\\/?s={search_term_string}\"},\"query-input\":{\"@type\":\"PropertyValueSpecification\",\"valueRequired\":true,\"valueName\":\"search_term_string\"}}],\"inLanguage\":\"fr-FR\"}]}<\/script>\n<!-- \/ Yoast SEO plugin. -->","yoast_head_json":{"title":"MIDEM \u00e0 Cannes | Histoire de l'\u00e9v\u00e9nement | Ruby Services","description":"Le MIDEM est un rendez-vous international pens\u00e9 comme une plateforme de travail pour l\u2019\u00e9cosyst\u00e8me musique.","robots":{"index":"index","follow":"follow","max-snippet":"max-snippet:-1","max-image-preview":"max-image-preview:large","max-video-preview":"max-video-preview:-1"},"canonical":"https:\/\/www.ruby-services.com\/fr\/evenement\/midem\/","og_locale":"fr_FR","og_type":"article","og_title":"MIDEM \u00e0 Cannes | Histoire de l'\u00e9v\u00e9nement | Ruby Services","og_description":"Le MIDEM est un rendez-vous international pens\u00e9 comme une plateforme de travail pour l\u2019\u00e9cosyst\u00e8me musique.","og_url":"https:\/\/www.ruby-services.com\/fr\/evenement\/midem\/","og_site_name":"Ruby Services","article_modified_time":"2026-04-24T14:13:14+00:00","twitter_card":"summary_large_image","twitter_misc":{"Dur\u00e9e de lecture estim\u00e9e":"4 minutes"},"schema":{"@context":"https:\/\/schema.org","@graph":[{"@type":"WebPage","@id":"https:\/\/www.ruby-services.com\/fr\/evenement\/midem\/","url":"https:\/\/www.ruby-services.com\/fr\/evenement\/midem\/","name":"MIDEM \u00e0 Cannes | Histoire de l'\u00e9v\u00e9nement | Ruby Services","isPartOf":{"@id":"https:\/\/www.ruby-services.com\/fr\/#website"},"datePublished":"2026-01-12T10:38:37+00:00","dateModified":"2026-04-24T14:13:14+00:00","description":"Le MIDEM est un rendez-vous international pens\u00e9 comme une plateforme de travail pour l\u2019\u00e9cosyst\u00e8me musique.","breadcrumb":{"@id":"https:\/\/www.ruby-services.com\/fr\/evenement\/midem\/#breadcrumb"},"inLanguage":"fr-FR","potentialAction":[{"@type":"ReadAction","target":["https:\/\/www.ruby-services.com\/fr\/evenement\/midem\/"]}]},{"@type":"BreadcrumbList","@id":"https:\/\/www.ruby-services.com\/fr\/evenement\/midem\/#breadcrumb","itemListElement":[{"@type":"ListItem","position":1,"name":"Home","item":"https:\/\/www.ruby-services.com\/fr\/"},{"@type":"ListItem","position":2,"name":"MIDEM"}]},{"@type":"WebSite","@id":"https:\/\/www.ruby-services.com\/fr\/#website","url":"https:\/\/www.ruby-services.com\/fr\/","name":"Ruby Services","description":"","potentialAction":[{"@type":"SearchAction","target":{"@type":"EntryPoint","urlTemplate":"https:\/\/www.ruby-services.com\/fr\/?s={search_term_string}"},"query-input":{"@type":"PropertyValueSpecification","valueRequired":true,"valueName":"search_term_string"}}],"inLanguage":"fr-FR"}]}},"_links":{"self":[{"href":"https:\/\/www.ruby-services.com\/fr\/wp-json\/wp\/v2\/evenement\/4025","targetHints":{"allow":["GET"]}}],"collection":[{"href":"https:\/\/www.ruby-services.com\/fr\/wp-json\/wp\/v2\/evenement"}],"about":[{"href":"https:\/\/www.ruby-services.com\/fr\/wp-json\/wp\/v2\/types\/evenement"}],"wp:attachment":[{"href":"https:\/\/www.ruby-services.com\/fr\/wp-json\/wp\/v2\/media?parent=4025"}],"curies":[{"name":"wp","href":"https:\/\/api.w.org\/{rel}","templated":true}]}}