{"id":5926,"date":"2026-02-17T22:34:23","date_gmt":"2026-02-17T21:34:23","guid":{"rendered":"https:\/\/www.ruby-services.com\/?post_type=transfert-prive&#038;p=5926"},"modified":"2026-04-17T10:48:13","modified_gmt":"2026-04-17T08:48:13","slug":"transfert-prive-aeroport-milan-malpensa","status":"publish","type":"transfert-prive","link":"https:\/\/www.ruby-services.com\/fr\/transfert-prive\/transfert-prive-aeroport-milan-malpensa\/","title":{"rendered":"Transfert Priv\u00e9 A\u00e9roport Milan Malpensa"},"content":{"rendered":"<section class=\"fusion-fullwidth fullwidth-box fusion-builder-row-1 fusion-flex-container has-pattern-background has-mask-background hundred-percent-fullwidth non-hundred-percent-height-scrolling faq-section\" style=\"--awb-border-radius-top-left:0px;--awb-border-radius-top-right:0px;--awb-border-radius-bottom-right:0px;--awb-border-radius-bottom-left:0px;--awb-padding-top:7.5em;--awb-padding-right:7.5em;--awb-padding-bottom:7.5em;--awb-padding-left:7.5em;--awb-padding-right-medium:2rem;--awb-padding-left-medium:2rem;--awb-padding-top-small:0px;--awb-padding-right-small:1em;--awb-padding-bottom-small:1em;--awb-padding-left-small:1em;--awb-flex-wrap:wrap;\" ><div class=\"fusion-builder-row fusion-row fusion-flex-align-items-flex-start fusion-flex-justify-content-center fusion-flex-content-wrap\" style=\"width:calc( 100% + ) !important;max-width:calc( 100% + ) !important;margin-left: calc(- \/ 2 );margin-right: calc(- \/ 2 );\"><div class=\"fusion-layout-column fusion_builder_column fusion-builder-column-0 fusion_builder_column_1_1 1_1 fusion-flex-column faq-container\" style=\"--awb-bg-size:cover;--awb-width-large:100%;--awb-margin-top-large:0px;--awb-spacing-right-large:0px;--awb-margin-bottom-large:0px;--awb-spacing-left-large:0px;--awb-width-medium:100%;--awb-order-medium:0;--awb-spacing-right-medium:0px;--awb-spacing-left-medium:0px;--awb-width-small:100%;--awb-order-small:0;--awb-spacing-right-small:0px;--awb-spacing-left-small:0px;\" data-scroll-devices=\"small-visibility,medium-visibility,large-visibility\"><div class=\"fusion-column-wrapper fusion-column-has-shadow fusion-flex-justify-content-flex-start fusion-content-layout-column\"><div class=\"fusion-builder-row fusion-builder-row-inner fusion-row fusion-flex-align-items-flex-start fusion-flex-justify-content-center fusion-flex-content-wrap\" style=\"--awb-flex-grow:0;--awb-flex-grow-medium:0;--awb-flex-grow-small:0;--awb-flex-shrink:0;--awb-flex-shrink-medium:0;--awb-flex-shrink-small:0;width:calc( 100% + ) !important;max-width:calc( 100% + ) !important;margin-left: calc(- \/ 2 );margin-right: calc(- \/ 2 );\"><div class=\"fusion-layout-column fusion_builder_column_inner fusion-builder-nested-column-0 fusion_builder_column_inner_2_3 2_3 fusion-flex-column\" style=\"--awb-bg-size:cover;--awb-width-large:66.666666666667%;--awb-margin-top-large:0px;--awb-spacing-right-large:22px;--awb-margin-bottom-large:0px;--awb-spacing-left-large:0px;--awb-width-medium:100%;--awb-order-medium:0;--awb-spacing-right-medium:22px;--awb-spacing-left-medium:0px;--awb-width-small:100%;--awb-order-small:0;--awb-spacing-right-small:0px;--awb-margin-bottom-small:22px;\" data-scroll-devices=\"small-visibility,medium-visibility,large-visibility\"><div class=\"fusion-column-wrapper fusion-column-has-shadow fusion-flex-justify-content-flex-start fusion-content-layout-column\"><div class=\"fusion-title title fusion-title-1 fusion-sep-none fusion-title-text fusion-title-size-two faq-title\" style=\"--awb-margin-top:0px;--awb-margin-bottom:2.75rem;--awb-margin-top-small:10px;--awb-margin-right-small:0px;--awb-margin-bottom-small:44px;--awb-margin-left-small:0px;--awb-font-size:44px;\"><h2 class=\"fusion-title-heading title-heading-left\" style=\"font-family:var(--awb-typography2-font-family);font-weight:var(--awb-typography2-font-weight);font-style:var(--awb-typography2-font-style);margin:0;letter-spacing:var(--awb-typography2-letter-spacing);text-transform:var(--awb-typography2-text-transform);font-size:1em;line-height:100%;\">FAQ \u2014 Transfert priv\u00e9 a\u00e9roport<\/h2><\/div><style type=\"text\/css\">.fusion-faqs-wrapper #accordian-1 .fusion-panel { border-color:var(--awb-color3); }.fusion-faqs-wrapper #accordian-1 .fusion-panel:hover{ border-color: var(--awb-color3); }.fusion-accordian #accordian-1 .panel-title a .fa-fusion-box:before{ font-size: 16px;width: 16px;}.fusion-accordian #accordian-1 .panel-title a .fa-fusion-box{ color: var(--awb-color8);}.fusion-accordian #accordian-1.fusion-toggle-icon-right .fusion-toggle-heading{ margin-right: 34px;}.fusion-accordian  #accordian-1 .panel-title a{line-height:100%;letter-spacing:0%;font-family:\"Forum\";font-style:normal;font-weight:400;}.fusion-accordian  #accordian-1 .panel-title a:not(:hover){}.fusion-accordian  #accordian-1 .toggle-content{font-size:18px;text-transform:var(--awb-typography3-text-transform);line-height:125%;font-family:\"Didact Gothic\";font-style:normal;font-weight:400;}.fusion-accordian #accordian-1 .panel-title a:hover,.fusion-accordian #accordian-1 .panel-title a.hover { color: var(--awb-color4);}.fusion-faq-shortcode .fusion-accordian #accordian-1 .fusion-toggle-boxed-mode:hover .panel-title a { color: var(--awb-color4);}.fusion-accordian #accordian-1.fusion-toggle-icon-unboxed .panel-title a:hover .fa-fusion-box,.fusion-accordian #accordian-1.fusion-toggle-icon-unboxed .panel-title a.hover .fa-fusion-box { color: var(--awb-color4); }.fusion-faqs-wrapper .fusion-accordian #accordian-1 .panel-title a.active{ color: var(--awb-color4) !important;}.fusion-faqs-wrapper .fusion-accordian  #accordian-1.fusion-toggle-icon-unboxed .fusion-panel .panel-title a.active .fa-fusion-box{ color: var(--awb-color4) !important;}.fusion-faqs-wrapper .fusion-accordian  #accordian-1 .fusion-panel {padding-top: 0px;padding-right: 0px;padding-bottom: 0px;padding-left: 0px;}<\/style><div class=\"fusion-faq-shortcode faq\" style=\"\"><div class=\"fusion-faqs-wrapper\"><div class=\"accordian fusion-accordian\"><div class=\"panel-group  fusion-toggle-icon-right fusion-toggle-icon-unboxed\" id=\"accordian-1\"><div class=\"fusion-panel fusion-toggle-no-divider panel-default fusion-faq-post fusion-faq-post-4505 faq-transfert-prive faq-transfert-prive-courchevel-megeve faq-transferts-vip-aeroport-nice \"><span class=\"entry-title rich-snippet-hidden\">Proposez-vous des transferts les dimanches et jours f\u00e9ri\u00e9s ?<\/span><span class=\"updated rich-snippet-hidden\">2026-03-05T11:26:02+01:00<\/span><div class=\"panel-heading\"><h4 id=\"faq_1-4505\" class=\"panel-title toggle\"><a data-toggle=\"collapse\" class=\"collapsed\" data-parent=\"#accordian-1\" data-target=\"#collapse-1-4505\" href=\"#collapse-1-4505\" aria-expanded=\"false\"><div class=\"fusion-toggle-icon-wrapper\"><div class=\"fusion-toggle-icon-wrapper-main\"><div class=\"fusion-toggle-icon-wrapper-sub\"><i class=\"fa-fusion-box active-icon awb-icon-minus\" aria-hidden=\"true\"><\/i><i class=\"fa-fusion-box inactive-icon fa-chevron-down fas\" aria-hidden=\"true\"><\/i><\/div><\/div><\/div><div class=\"fusion-toggle-heading\">Proposez-vous des transferts les dimanches et jours f\u00e9ri\u00e9s ?<\/div><\/a><\/h4><\/div><div id=\"collapse-1-4505\" aria-labelledby=\"faq_1-4505\" class=\"panel-collapse collapse\"><div class=\"panel-body toggle-content post-content\"><div class=\"fusion-fullwidth fullwidth-box fusion-builder-row-1-1 fusion-flex-container nonhundred-percent-fullwidth non-hundred-percent-height-scrolling\" style=\"--awb-border-radius-top-left:0px;--awb-border-radius-top-right:0px;--awb-border-radius-bottom-right:0px;--awb-border-radius-bottom-left:0px;--awb-flex-wrap:wrap;\" ><div class=\"fusion-builder-row fusion-row fusion-flex-align-items-flex-start fusion-flex-content-wrap\" style=\"width:calc( 100% + ) !important;max-width:calc( 100% + ) !important;margin-left: calc(- \/ 2 );margin-right: calc(- \/ 2 );\"><div class=\"fusion-layout-column fusion_builder_column fusion-builder-column-1 fusion_builder_column_1_1 1_1 fusion-flex-column\" style=\"--awb-bg-size:cover;--awb-width-large:100%;--awb-flex-grow:0;--awb-flex-shrink:0;--awb-margin-top-large:0px;--awb-margin-bottom-large:0px;--awb-width-medium:100%;--awb-flex-grow-medium:0;--awb-flex-shrink-medium:0;--awb-width-small:100%;--awb-flex-grow-small:0;--awb-flex-shrink-small:0;\"><div class=\"fusion-column-wrapper fusion-flex-justify-content-flex-start fusion-content-layout-column\"><div class=\"fusion-text fusion-text-1\"><p>Oui. Notre service de transfert priv\u00e9 est disponible 7j\/7, 24h\/24, y compris les dimanches et jours f\u00e9ri\u00e9s, sans interruption.<\/p>\n<\/div><\/div><\/div><\/div><\/div>\n<\/div><\/div><\/div><div class=\"fusion-panel fusion-toggle-no-divider panel-default fusion-faq-post fusion-faq-post-4507 faq-transfert-prive faq-transfert-prive-courchevel-megeve faq-transferts-vip-aeroport-nice \"><span class=\"entry-title rich-snippet-hidden\">Que se passe-t-il si mon vol est retard\u00e9 ?<\/span><span class=\"updated rich-snippet-hidden\">2026-03-05T11:25:56+01:00<\/span><div class=\"panel-heading\"><h4 id=\"faq_1-4507\" class=\"panel-title toggle\"><a data-toggle=\"collapse\" class=\"collapsed\" data-parent=\"#accordian-1\" data-target=\"#collapse-1-4507\" href=\"#collapse-1-4507\" aria-expanded=\"false\"><div class=\"fusion-toggle-icon-wrapper\"><div class=\"fusion-toggle-icon-wrapper-main\"><div class=\"fusion-toggle-icon-wrapper-sub\"><i class=\"fa-fusion-box active-icon awb-icon-minus\" aria-hidden=\"true\"><\/i><i class=\"fa-fusion-box inactive-icon fa-chevron-down fas\" aria-hidden=\"true\"><\/i><\/div><\/div><\/div><div class=\"fusion-toggle-heading\">Que se passe-t-il si mon vol est retard\u00e9 ?<\/div><\/a><\/h4><\/div><div id=\"collapse-1-4507\" aria-labelledby=\"faq_1-4507\" class=\"panel-collapse collapse\"><div class=\"panel-body toggle-content post-content\"><div class=\"fusion-fullwidth fullwidth-box fusion-builder-row-1-2 fusion-flex-container nonhundred-percent-fullwidth non-hundred-percent-height-scrolling\" style=\"--awb-border-radius-top-left:0px;--awb-border-radius-top-right:0px;--awb-border-radius-bottom-right:0px;--awb-border-radius-bottom-left:0px;--awb-flex-wrap:wrap;\" ><div class=\"fusion-builder-row fusion-row fusion-flex-align-items-flex-start fusion-flex-content-wrap\" style=\"width:calc( 100% + ) !important;max-width:calc( 100% + ) !important;margin-left: calc(- \/ 2 );margin-right: calc(- \/ 2 );\"><div class=\"fusion-layout-column fusion_builder_column fusion-builder-column-2 fusion_builder_column_1_1 1_1 fusion-flex-column\" style=\"--awb-bg-size:cover;--awb-width-large:100%;--awb-flex-grow:0;--awb-flex-shrink:0;--awb-margin-top-large:0px;--awb-margin-bottom-large:0px;--awb-width-medium:100%;--awb-flex-grow-medium:0;--awb-flex-shrink-medium:0;--awb-width-small:100%;--awb-flex-grow-small:0;--awb-flex-shrink-small:0;\"><div class=\"fusion-column-wrapper fusion-flex-justify-content-flex-start fusion-content-layout-column\"><div class=\"fusion-text fusion-text-2\"><p>Nous suivons votre vol en temps r\u00e9el. En cas de retard, votre chauffeur ajuste automatiquement son heure d\u2019arriv\u00e9e et reste inform\u00e9 jusqu\u2019\u00e0 votre atterrissage. Aucune action de votre part n\u2019est n\u00e9cessaire.<\/p>\n<\/div><\/div><\/div><\/div><\/div>\n<\/div><\/div><\/div><div class=\"fusion-panel fusion-toggle-no-divider panel-default fusion-faq-post fusion-faq-post-4509 faq-transfert-prive faq-transfert-prive-courchevel-megeve faq-transferts-vip-aeroport-nice \"><span class=\"entry-title rich-snippet-hidden\">Est-il possible de voyager avec plusieurs bagages ou des \u00e9quipements volumineux ?<\/span><span class=\"updated rich-snippet-hidden\">2026-03-05T11:25:48+01:00<\/span><div class=\"panel-heading\"><h4 id=\"faq_1-4509\" class=\"panel-title toggle\"><a data-toggle=\"collapse\" class=\"collapsed\" data-parent=\"#accordian-1\" data-target=\"#collapse-1-4509\" href=\"#collapse-1-4509\" aria-expanded=\"false\"><div class=\"fusion-toggle-icon-wrapper\"><div class=\"fusion-toggle-icon-wrapper-main\"><div class=\"fusion-toggle-icon-wrapper-sub\"><i class=\"fa-fusion-box active-icon awb-icon-minus\" aria-hidden=\"true\"><\/i><i class=\"fa-fusion-box inactive-icon fa-chevron-down fas\" aria-hidden=\"true\"><\/i><\/div><\/div><\/div><div class=\"fusion-toggle-heading\">Est-il possible de voyager avec plusieurs bagages ou des \u00e9quipements volumineux ?<\/div><\/a><\/h4><\/div><div id=\"collapse-1-4509\" aria-labelledby=\"faq_1-4509\" class=\"panel-collapse collapse\"><div class=\"panel-body toggle-content post-content\"><div class=\"fusion-fullwidth fullwidth-box fusion-builder-row-1-3 fusion-flex-container nonhundred-percent-fullwidth non-hundred-percent-height-scrolling\" style=\"--awb-border-radius-top-left:0px;--awb-border-radius-top-right:0px;--awb-border-radius-bottom-right:0px;--awb-border-radius-bottom-left:0px;--awb-flex-wrap:wrap;\" ><div class=\"fusion-builder-row fusion-row fusion-flex-align-items-flex-start fusion-flex-content-wrap\" style=\"width:calc( 100% + ) !important;max-width:calc( 100% + ) !important;margin-left: calc(- \/ 2 );margin-right: calc(- \/ 2 );\"><div class=\"fusion-layout-column fusion_builder_column fusion-builder-column-3 fusion_builder_column_1_1 1_1 fusion-flex-column\" style=\"--awb-bg-size:cover;--awb-width-large:100%;--awb-flex-grow:0;--awb-flex-shrink:0;--awb-margin-top-large:0px;--awb-margin-bottom-large:0px;--awb-width-medium:100%;--awb-flex-grow-medium:0;--awb-flex-shrink-medium:0;--awb-width-small:100%;--awb-flex-grow-small:0;--awb-flex-shrink-small:0;\"><div class=\"fusion-column-wrapper fusion-flex-justify-content-flex-start fusion-content-layout-column\"><div class=\"fusion-text fusion-text-3\"><p>Oui. Nos v\u00e9hicules disposent d\u2019un espace bagagerie adapt\u00e9, et nous pouvons pr\u00e9voir un mod\u00e8le sp\u00e9cifique si vous transportez du mat\u00e9riel professionnel, des valises en grand nombre ou des objets encombrants.<\/p>\n<\/div><\/div><\/div><\/div><\/div>\n<\/div><\/div><\/div><div class=\"fusion-panel fusion-toggle-no-divider panel-default fusion-faq-post fusion-faq-post-4511 faq-transfert-prive faq-transfert-prive-courchevel-megeve faq-transferts-vip-aeroport-nice \"><span class=\"entry-title rich-snippet-hidden\">Proposez-vous des si\u00e8ges auto pour enfants ?<\/span><span class=\"updated rich-snippet-hidden\">2026-03-05T11:25:41+01:00<\/span><div class=\"panel-heading\"><h4 id=\"faq_1-4511\" class=\"panel-title toggle\"><a data-toggle=\"collapse\" class=\"collapsed\" data-parent=\"#accordian-1\" data-target=\"#collapse-1-4511\" href=\"#collapse-1-4511\" aria-expanded=\"false\"><div class=\"fusion-toggle-icon-wrapper\"><div class=\"fusion-toggle-icon-wrapper-main\"><div class=\"fusion-toggle-icon-wrapper-sub\"><i class=\"fa-fusion-box active-icon awb-icon-minus\" aria-hidden=\"true\"><\/i><i class=\"fa-fusion-box inactive-icon fa-chevron-down fas\" aria-hidden=\"true\"><\/i><\/div><\/div><\/div><div class=\"fusion-toggle-heading\">Proposez-vous des si\u00e8ges auto pour enfants ?<\/div><\/a><\/h4><\/div><div id=\"collapse-1-4511\" aria-labelledby=\"faq_1-4511\" class=\"panel-collapse collapse\"><div class=\"panel-body toggle-content post-content\"><div class=\"fusion-fullwidth fullwidth-box fusion-builder-row-1-4 fusion-flex-container nonhundred-percent-fullwidth non-hundred-percent-height-scrolling\" style=\"--awb-border-radius-top-left:0px;--awb-border-radius-top-right:0px;--awb-border-radius-bottom-right:0px;--awb-border-radius-bottom-left:0px;--awb-flex-wrap:wrap;\" ><div class=\"fusion-builder-row fusion-row fusion-flex-align-items-flex-start fusion-flex-content-wrap\" style=\"width:calc( 100% + ) !important;max-width:calc( 100% + ) !important;margin-left: calc(- \/ 2 );margin-right: calc(- \/ 2 );\"><div class=\"fusion-layout-column fusion_builder_column fusion-builder-column-4 fusion_builder_column_1_1 1_1 fusion-flex-column\" style=\"--awb-bg-size:cover;--awb-width-large:100%;--awb-flex-grow:0;--awb-flex-shrink:0;--awb-margin-top-large:0px;--awb-margin-bottom-large:0px;--awb-width-medium:100%;--awb-flex-grow-medium:0;--awb-flex-shrink-medium:0;--awb-width-small:100%;--awb-flex-grow-small:0;--awb-flex-shrink-small:0;\"><div class=\"fusion-column-wrapper fusion-flex-justify-content-flex-start fusion-content-layout-column\"><div class=\"fusion-text fusion-text-4\"><p>Sur simple demande lors de la r\u00e9servation, nous mettons \u00e0 disposition des si\u00e8ges auto et r\u00e9hausseurs conformes aux normes europ\u00e9ennes.<\/p>\n<\/div><\/div><\/div><\/div><\/div>\n<\/div><\/div><\/div><div class=\"fusion-panel fusion-toggle-no-divider panel-default fusion-faq-post fusion-faq-post-4513 faq-transferts-vip-aeroport-nice \"><span class=\"entry-title rich-snippet-hidden\">Combien de temps faut-il pour un transfert entre l\u2019a\u00e9roport de Nice et Cannes \/ Monaco \/ Saint-Tropez ?<\/span><span class=\"updated rich-snippet-hidden\">2026-01-22T18:22:50+01:00<\/span><div class=\"panel-heading\"><h4 id=\"faq_1-4513\" class=\"panel-title toggle\"><a data-toggle=\"collapse\" class=\"collapsed\" data-parent=\"#accordian-1\" data-target=\"#collapse-1-4513\" href=\"#collapse-1-4513\" aria-expanded=\"false\"><div class=\"fusion-toggle-icon-wrapper\"><div class=\"fusion-toggle-icon-wrapper-main\"><div class=\"fusion-toggle-icon-wrapper-sub\"><i class=\"fa-fusion-box active-icon awb-icon-minus\" aria-hidden=\"true\"><\/i><i class=\"fa-fusion-box inactive-icon fa-chevron-down fas\" aria-hidden=\"true\"><\/i><\/div><\/div><\/div><div class=\"fusion-toggle-heading\">Combien de temps faut-il pour un transfert entre l\u2019a\u00e9roport de Nice et Cannes \/ Monaco \/ Saint-Tropez ?<\/div><\/a><\/h4><\/div><div id=\"collapse-1-4513\" aria-labelledby=\"faq_1-4513\" class=\"panel-collapse collapse\"><div class=\"panel-body toggle-content post-content\"><div class=\"fusion-fullwidth fullwidth-box fusion-builder-row-1-5 fusion-flex-container nonhundred-percent-fullwidth non-hundred-percent-height-scrolling\" style=\"--awb-border-radius-top-left:0px;--awb-border-radius-top-right:0px;--awb-border-radius-bottom-right:0px;--awb-border-radius-bottom-left:0px;--awb-flex-wrap:wrap;\" ><div class=\"fusion-builder-row fusion-row fusion-flex-align-items-flex-start fusion-flex-content-wrap\" style=\"width:calc( 100% + ) !important;max-width:calc( 100% + ) !important;margin-left: calc(- \/ 2 );margin-right: calc(- \/ 2 );\"><div class=\"fusion-layout-column fusion_builder_column fusion-builder-column-5 fusion_builder_column_1_1 1_1 fusion-flex-column\" style=\"--awb-bg-size:cover;--awb-width-large:100%;--awb-flex-grow:0;--awb-flex-shrink:0;--awb-margin-top-large:0px;--awb-margin-bottom-large:0px;--awb-width-medium:100%;--awb-flex-grow-medium:0;--awb-flex-shrink-medium:0;--awb-width-small:100%;--awb-flex-grow-small:0;--awb-flex-shrink-small:0;\"><div class=\"fusion-column-wrapper fusion-flex-justify-content-flex-start fusion-content-layout-column\"><div class=\"fusion-text fusion-text-5\"><p>\u2013 Nice vers la ville de Cannes : environ 30 \u00e0 40 minutes<br \/>\n\u2013 Nice vers la ville de Monaco : environ 45 minutes<br \/>\n\u2013 Nice vers la ville de Saint\u2011Tropez : entre 90 et 120 minutes, selon la circulation et des saisons<\/p>\n<\/div><\/div><\/div><\/div><\/div>\n<\/div><\/div><\/div><div class=\"fusion-panel fusion-toggle-no-divider panel-default fusion-faq-post fusion-faq-post-4516 faq-transferts-vip-aeroport-nice \"><span class=\"entry-title rich-snippet-hidden\">Comment r\u00e9server un transfert vip d\u00e8s l\u2019a\u00e9roport de Nice?<\/span><span class=\"updated rich-snippet-hidden\">2026-01-22T18:23:35+01:00<\/span><div class=\"panel-heading\"><h4 id=\"faq_1-4516\" class=\"panel-title toggle\"><a data-toggle=\"collapse\" class=\"collapsed\" data-parent=\"#accordian-1\" data-target=\"#collapse-1-4516\" href=\"#collapse-1-4516\" aria-expanded=\"false\"><div class=\"fusion-toggle-icon-wrapper\"><div class=\"fusion-toggle-icon-wrapper-main\"><div class=\"fusion-toggle-icon-wrapper-sub\"><i class=\"fa-fusion-box active-icon awb-icon-minus\" aria-hidden=\"true\"><\/i><i class=\"fa-fusion-box inactive-icon fa-chevron-down fas\" aria-hidden=\"true\"><\/i><\/div><\/div><\/div><div class=\"fusion-toggle-heading\">Comment r\u00e9server un transfert vip d\u00e8s l\u2019a\u00e9roport de Nice?<\/div><\/a><\/h4><\/div><div id=\"collapse-1-4516\" aria-labelledby=\"faq_1-4516\" class=\"panel-collapse collapse\"><div class=\"panel-body toggle-content post-content\"><div class=\"fusion-fullwidth fullwidth-box fusion-builder-row-1-6 fusion-flex-container nonhundred-percent-fullwidth non-hundred-percent-height-scrolling\" style=\"--awb-border-radius-top-left:0px;--awb-border-radius-top-right:0px;--awb-border-radius-bottom-right:0px;--awb-border-radius-bottom-left:0px;--awb-flex-wrap:wrap;\" ><div class=\"fusion-builder-row fusion-row fusion-flex-align-items-flex-start fusion-flex-content-wrap\" style=\"width:calc( 100% + ) !important;max-width:calc( 100% + ) !important;margin-left: calc(- \/ 2 );margin-right: calc(- \/ 2 );\"><div class=\"fusion-layout-column fusion_builder_column fusion-builder-column-6 fusion_builder_column_1_1 1_1 fusion-flex-column\" style=\"--awb-bg-size:cover;--awb-width-large:100%;--awb-flex-grow:0;--awb-flex-shrink:0;--awb-margin-top-large:0px;--awb-margin-bottom-large:0px;--awb-width-medium:100%;--awb-flex-grow-medium:0;--awb-flex-shrink-medium:0;--awb-width-small:100%;--awb-flex-grow-small:0;--awb-flex-shrink-small:0;\"><div class=\"fusion-column-wrapper fusion-flex-justify-content-flex-start fusion-content-layout-column\"><div class=\"fusion-text fusion-text-6\"><p>Vous pouvez r\u00e9server votre transfert par t\u00e9l\u00e9phone, e-mail ou via notre formulaire en ligne. Une confirmation vous est transmise rapidement, accompagn\u00e9e de toutes les informations utiles.<\/p>\n<\/div><\/div><\/div><\/div><\/div>\n<\/div><\/div><\/div><div class=\"fusion-panel fusion-toggle-no-divider panel-default fusion-faq-post fusion-faq-post-4518 faq-transferts-vip-aeroport-nice \"><span class=\"entry-title rich-snippet-hidden\">Est-il possible de r\u00e9server un v\u00e9hicule pour plusieurs arr\u00eats ou une mise \u00e0 disposition \u00e0 partir de l\u2019a\u00e9roport de Nice ?<\/span><span class=\"updated rich-snippet-hidden\">2026-01-22T18:24:45+01:00<\/span><div class=\"panel-heading\"><h4 id=\"faq_1-4518\" class=\"panel-title toggle\"><a data-toggle=\"collapse\" class=\"collapsed\" data-parent=\"#accordian-1\" data-target=\"#collapse-1-4518\" href=\"#collapse-1-4518\" aria-expanded=\"false\"><div class=\"fusion-toggle-icon-wrapper\"><div class=\"fusion-toggle-icon-wrapper-main\"><div class=\"fusion-toggle-icon-wrapper-sub\"><i class=\"fa-fusion-box active-icon awb-icon-minus\" aria-hidden=\"true\"><\/i><i class=\"fa-fusion-box inactive-icon fa-chevron-down fas\" aria-hidden=\"true\"><\/i><\/div><\/div><\/div><div class=\"fusion-toggle-heading\">Est-il possible de r\u00e9server un v\u00e9hicule pour plusieurs arr\u00eats ou une mise \u00e0 disposition \u00e0 partir de l\u2019a\u00e9roport de Nice ?<\/div><\/a><\/h4><\/div><div id=\"collapse-1-4518\" aria-labelledby=\"faq_1-4518\" class=\"panel-collapse collapse\"><div class=\"panel-body toggle-content post-content\"><div class=\"fusion-fullwidth fullwidth-box fusion-builder-row-1-7 fusion-flex-container nonhundred-percent-fullwidth non-hundred-percent-height-scrolling\" style=\"--awb-border-radius-top-left:0px;--awb-border-radius-top-right:0px;--awb-border-radius-bottom-right:0px;--awb-border-radius-bottom-left:0px;--awb-flex-wrap:wrap;\" ><div class=\"fusion-builder-row fusion-row fusion-flex-align-items-flex-start fusion-flex-content-wrap\" style=\"width:calc( 100% + ) !important;max-width:calc( 100% + ) !important;margin-left: calc(- \/ 2 );margin-right: calc(- \/ 2 );\"><div class=\"fusion-layout-column fusion_builder_column fusion-builder-column-7 fusion_builder_column_1_1 1_1 fusion-flex-column\" style=\"--awb-bg-size:cover;--awb-width-large:100%;--awb-flex-grow:0;--awb-flex-shrink:0;--awb-margin-top-large:0px;--awb-margin-bottom-large:0px;--awb-width-medium:100%;--awb-flex-grow-medium:0;--awb-flex-shrink-medium:0;--awb-width-small:100%;--awb-flex-grow-small:0;--awb-flex-shrink-small:0;\"><div class=\"fusion-column-wrapper fusion-flex-justify-content-flex-start fusion-content-layout-column\"><div class=\"fusion-text fusion-text-7\"><p>Oui. Nous proposons un service de mise \u00e0 disposition avec chauffeur pour plusieurs heures ou journ\u00e9es, id\u00e9al pour vos d\u00e9placements multiples ou \u00e9v\u00e9nements.<\/p>\n<\/div><\/div><\/div><\/div><\/div>\n<\/div><\/div><\/div><\/div><\/div><\/div><\/div><\/div><\/div><div class=\"fusion-layout-column fusion_builder_column_inner fusion-builder-nested-column-1 fusion_builder_column_inner_1_3 1_3 fusion-flex-column\" style=\"--awb-padding-top:2em;--awb-padding-right:2em;--awb-padding-bottom:2em;--awb-padding-left:2em;--awb-bg-color:var(--awb-color7);--awb-bg-color-hover:var(--awb-color7);--awb-bg-size:cover;--awb-width-large:33.333333333333%;--awb-margin-top-large:0px;--awb-spacing-right-large:0px;--awb-margin-bottom-large:0px;--awb-spacing-left-large:22px;--awb-width-medium:100%;--awb-order-medium:0;--awb-spacing-right-medium:0px;--awb-spacing-left-medium:22px;--awb-width-small:100%;--awb-order-small:0;--awb-margin-top-small:1.375em;--awb-spacing-right-small:0px;--awb-spacing-left-small:0px;\" id=\"faq-ask\" data-scroll-devices=\"small-visibility,medium-visibility,large-visibility\"><div class=\"fusion-column-wrapper fusion-column-has-shadow fusion-flex-justify-content-flex-start fusion-content-layout-column\"><div class=\"fusion-image-element \" style=\"--awb-max-width:72px;--awb-caption-title-font-family:var(--h2_typography-font-family);--awb-caption-title-font-weight:var(--h2_typography-font-weight);--awb-caption-title-font-style:var(--h2_typography-font-style);--awb-caption-title-size:var(--h2_typography-font-size);--awb-caption-title-transform:var(--h2_typography-text-transform);--awb-caption-title-line-height:var(--h2_typography-line-height);--awb-caption-title-letter-spacing:var(--h2_typography-letter-spacing);\"><span class=\" fusion-imageframe imageframe-none imageframe-1 hover-type-none faq-ask-icon\"><img decoding=\"async\" width=\"100\" height=\"100\" alt=\"Ic\u00f4ne \u00e9toile rouge symbolisant l\u2019excellence et la qualit\u00e9 sup\u00e9rieure d\u2019un service. Id\u00e9ale pour la notation ou la mise en avant d\u2019un service premium.\" title=\"stars\" src=\"data:image\/svg+xml,%3Csvg%20xmlns%3D%27http%3A%2F%2Fwww.w3.org%2F2000%2Fsvg%27%20width%3D%27100%27%20height%3D%27100%27%20viewBox%3D%270%200%20100%20100%27%3E%3Crect%20width%3D%27100%27%20height%3D%27100%27%20fill-opacity%3D%220%22%2F%3E%3C%2Fsvg%3E\" data-orig-src=\"https:\/\/www.ruby-services.com\/wp-content\/uploads\/2025\/04\/stars.svg\" class=\"lazyload img-responsive wp-image-1916\"\/><\/span><\/div><div class=\"fusion-title title fusion-title-2 fusion-sep-none fusion-title-text fusion-title-size-three faq-ask-title\" style=\"--awb-text-color:var(--awb-color4);--awb-margin-bottom:0px;--awb-margin-top-small:10px;--awb-margin-right-small:0px;--awb-margin-bottom-small:10px;--awb-margin-left-small:0px;--awb-font-size:36px;\"><h3 class=\"fusion-title-heading title-heading-left\" style=\"font-family:&quot;Forum&quot;;font-style:normal;font-weight:400;margin:0;letter-spacing:var(--awb-custom_typography_1-letter-spacing);text-transform:var(--awb-custom_typography_1-text-transform);font-size:1em;line-height:105%;\">Une question ?<\/h3><\/div><div class=\"fusion-text fusion-text-8 ask-body\" style=\"--awb-font-size:var(--awb-typography5-font-size);--awb-line-height:125%;--awb-letter-spacing:0px;--awb-text-transform:var(--awb-typography5-text-transform);--awb-margin-top:1.5em;--awb-text-font-family:&quot;Didact Gothic&quot;;--awb-text-font-style:normal;--awb-text-font-weight:400;\"><p>Notre \u00e9quipe est l\u00e0 pour r\u00e9pondre \u00e0 toutes vos interrogations et demande de derni\u00e8re minute.<\/p>\n<\/div><div ><a class=\"fusion-button button-flat fusion-button-default-size button-custom fusion-button-default button-1 fusion-button-default-span fusion-button-default-type dark-btn\" style=\"--awb-padding-top:20px;--awb-padding-right:32px;--awb-padding-bottom:20px;--awb-padding-left:32px;--button_accent_color:var(--awb-color1);--button_accent_hover_color:var(--awb-color1);--button_border_hover_color:var(--awb-color1);--button-border-radius-top-left:0px;--button-border-radius-top-right:0px;--button-border-radius-bottom-right:0px;--button-border-radius-bottom-left:0px;--button_gradient_top_color:var(--awb-color8);--button_gradient_bottom_color:var(--awb-color8);--button_gradient_top_color_hover:var(--awb-color4);--button_gradient_bottom_color_hover:var(--awb-color4);--button_text_transform:var(--awb-typography5-text-transform);--button_font_size:20px;--button_line_height:100%;--button_typography-letter-spacing:5%;--button_typography-font-family:&quot;Didact Gothic&quot;;--button_typography-font-style:normal;--button_typography-font-weight:400;\" target=\"_self\" href=\"https:\/\/www.ruby-services.com\/fr\/contact\/\"><span class=\"fusion-button-text awb-button__text awb-button__text--default\">24\/7 Nous contacter<\/span><\/a><\/div><\/div><\/div><\/div><\/div><\/div><\/div><\/section>\n","protected":false},"featured_media":0,"template":"","meta":{"_acf_changed":false},"class_list":["post-5926","transfert-prive","type-transfert-prive","status-publish","hentry"],"acf":[],"yoast_head":"<!-- This site is optimized with the Yoast SEO plugin v27.5 - https:\/\/yoast.com\/product\/yoast-seo-wordpress\/ -->\n<title>Transfert Priv\u00e9 A\u00e9roport Milan Malpensa | 24\/7 - Ruby Services<\/title>\n<meta name=\"description\" content=\"Fa\u00eetes confiance \u00e0 Ruby Services, sp\u00e9cialiste des transferts VIP depuis l\u2019a\u00e9roport de Milan depuis 1995 et b\u00e9n\u00e9ficiez d\u2019une prestation personnalis\u00e9e \u00e0 bord de v\u00e9hicules haut de gamme de derni\u00e8re g\u00e9n\u00e9ration.\" \/>\n<meta name=\"robots\" content=\"index, follow, max-snippet:-1, max-image-preview:large, max-video-preview:-1\" \/>\n<link rel=\"canonical\" href=\"https:\/\/www.ruby-services.com\/fr\/transfert-prive\/transfert-prive-aeroport-milan-malpensa\/\" \/>\n<meta property=\"og:locale\" content=\"fr_FR\" \/>\n<meta property=\"og:type\" content=\"article\" \/>\n<meta property=\"og:title\" content=\"Transfert Priv\u00e9 A\u00e9roport Milan Malpensa | 24\/7 - Ruby Services\" \/>\n<meta property=\"og:description\" content=\"Fa\u00eetes confiance \u00e0 Ruby Services, sp\u00e9cialiste des transferts VIP depuis l\u2019a\u00e9roport de Milan depuis 1995 et b\u00e9n\u00e9ficiez d\u2019une prestation personnalis\u00e9e \u00e0 bord de v\u00e9hicules haut de gamme de derni\u00e8re g\u00e9n\u00e9ration.\" \/>\n<meta property=\"og:url\" content=\"https:\/\/www.ruby-services.com\/fr\/transfert-prive\/transfert-prive-aeroport-milan-malpensa\/\" \/>\n<meta property=\"og:site_name\" content=\"Ruby Services\" \/>\n<meta property=\"article:modified_time\" content=\"2026-04-17T08:48:13+00:00\" \/>\n<meta name=\"twitter:card\" content=\"summary_large_image\" \/>\n<meta name=\"twitter:label1\" content=\"Dur\u00e9e de lecture estim\u00e9e\" \/>\n\t<meta name=\"twitter:data1\" content=\"3 minutes\" \/>\n<script type=\"application\/ld+json\" class=\"yoast-schema-graph\">{\"@context\":\"https:\\\/\\\/schema.org\",\"@graph\":[{\"@type\":\"WebPage\",\"@id\":\"https:\\\/\\\/www.ruby-services.com\\\/fr\\\/transfert-prive\\\/transfert-prive-aeroport-milan-malpensa\\\/\",\"url\":\"https:\\\/\\\/www.ruby-services.com\\\/fr\\\/transfert-prive\\\/transfert-prive-aeroport-milan-malpensa\\\/\",\"name\":\"Transfert Priv\u00e9 A\u00e9roport Milan Malpensa | 24\\\/7 - Ruby Services\",\"isPartOf\":{\"@id\":\"https:\\\/\\\/www.ruby-services.com\\\/fr\\\/#website\"},\"datePublished\":\"2026-02-17T21:34:23+00:00\",\"dateModified\":\"2026-04-17T08:48:13+00:00\",\"description\":\"Fa\u00eetes confiance \u00e0 Ruby Services, sp\u00e9cialiste des transferts VIP depuis l\u2019a\u00e9roport de Milan depuis 1995 et b\u00e9n\u00e9ficiez d\u2019une prestation personnalis\u00e9e \u00e0 bord de v\u00e9hicules haut de gamme de derni\u00e8re g\u00e9n\u00e9ration.\",\"breadcrumb\":{\"@id\":\"https:\\\/\\\/www.ruby-services.com\\\/fr\\\/transfert-prive\\\/transfert-prive-aeroport-milan-malpensa\\\/#breadcrumb\"},\"inLanguage\":\"fr-FR\",\"potentialAction\":[{\"@type\":\"ReadAction\",\"target\":[\"https:\\\/\\\/www.ruby-services.com\\\/fr\\\/transfert-prive\\\/transfert-prive-aeroport-milan-malpensa\\\/\"]}]},{\"@type\":\"BreadcrumbList\",\"@id\":\"https:\\\/\\\/www.ruby-services.com\\\/fr\\\/transfert-prive\\\/transfert-prive-aeroport-milan-malpensa\\\/#breadcrumb\",\"itemListElement\":[{\"@type\":\"ListItem\",\"position\":1,\"name\":\"Home\",\"item\":\"https:\\\/\\\/www.ruby-services.com\\\/fr\\\/\"},{\"@type\":\"ListItem\",\"position\":2,\"name\":\"Transfert Priv\u00e9 A\u00e9roport Milan Malpensa\"}]},{\"@type\":\"WebSite\",\"@id\":\"https:\\\/\\\/www.ruby-services.com\\\/fr\\\/#website\",\"url\":\"https:\\\/\\\/www.ruby-services.com\\\/fr\\\/\",\"name\":\"Ruby Services\",\"description\":\"\",\"potentialAction\":[{\"@type\":\"SearchAction\",\"target\":{\"@type\":\"EntryPoint\",\"urlTemplate\":\"https:\\\/\\\/www.ruby-services.com\\\/fr\\\/?s={search_term_string}\"},\"query-input\":{\"@type\":\"PropertyValueSpecification\",\"valueRequired\":true,\"valueName\":\"search_term_string\"}}],\"inLanguage\":\"fr-FR\"}]}<\/script>\n<!-- \/ Yoast SEO plugin. -->","yoast_head_json":{"title":"Transfert Priv\u00e9 A\u00e9roport Milan Malpensa | 24\/7 - Ruby Services","description":"Fa\u00eetes confiance \u00e0 Ruby Services, sp\u00e9cialiste des transferts VIP depuis l\u2019a\u00e9roport de Milan depuis 1995 et b\u00e9n\u00e9ficiez d\u2019une prestation personnalis\u00e9e \u00e0 bord de v\u00e9hicules haut de gamme de derni\u00e8re g\u00e9n\u00e9ration.","robots":{"index":"index","follow":"follow","max-snippet":"max-snippet:-1","max-image-preview":"max-image-preview:large","max-video-preview":"max-video-preview:-1"},"canonical":"https:\/\/www.ruby-services.com\/fr\/transfert-prive\/transfert-prive-aeroport-milan-malpensa\/","og_locale":"fr_FR","og_type":"article","og_title":"Transfert Priv\u00e9 A\u00e9roport Milan Malpensa | 24\/7 - Ruby Services","og_description":"Fa\u00eetes confiance \u00e0 Ruby Services, sp\u00e9cialiste des transferts VIP depuis l\u2019a\u00e9roport de Milan depuis 1995 et b\u00e9n\u00e9ficiez d\u2019une prestation personnalis\u00e9e \u00e0 bord de v\u00e9hicules haut de gamme de derni\u00e8re g\u00e9n\u00e9ration.","og_url":"https:\/\/www.ruby-services.com\/fr\/transfert-prive\/transfert-prive-aeroport-milan-malpensa\/","og_site_name":"Ruby Services","article_modified_time":"2026-04-17T08:48:13+00:00","twitter_card":"summary_large_image","twitter_misc":{"Dur\u00e9e de lecture estim\u00e9e":"3 minutes"},"schema":{"@context":"https:\/\/schema.org","@graph":[{"@type":"WebPage","@id":"https:\/\/www.ruby-services.com\/fr\/transfert-prive\/transfert-prive-aeroport-milan-malpensa\/","url":"https:\/\/www.ruby-services.com\/fr\/transfert-prive\/transfert-prive-aeroport-milan-malpensa\/","name":"Transfert Priv\u00e9 A\u00e9roport Milan Malpensa | 24\/7 - Ruby Services","isPartOf":{"@id":"https:\/\/www.ruby-services.com\/fr\/#website"},"datePublished":"2026-02-17T21:34:23+00:00","dateModified":"2026-04-17T08:48:13+00:00","description":"Fa\u00eetes confiance \u00e0 Ruby Services, sp\u00e9cialiste des transferts VIP depuis l\u2019a\u00e9roport de Milan depuis 1995 et b\u00e9n\u00e9ficiez d\u2019une prestation personnalis\u00e9e \u00e0 bord de v\u00e9hicules haut de gamme de derni\u00e8re g\u00e9n\u00e9ration.","breadcrumb":{"@id":"https:\/\/www.ruby-services.com\/fr\/transfert-prive\/transfert-prive-aeroport-milan-malpensa\/#breadcrumb"},"inLanguage":"fr-FR","potentialAction":[{"@type":"ReadAction","target":["https:\/\/www.ruby-services.com\/fr\/transfert-prive\/transfert-prive-aeroport-milan-malpensa\/"]}]},{"@type":"BreadcrumbList","@id":"https:\/\/www.ruby-services.com\/fr\/transfert-prive\/transfert-prive-aeroport-milan-malpensa\/#breadcrumb","itemListElement":[{"@type":"ListItem","position":1,"name":"Home","item":"https:\/\/www.ruby-services.com\/fr\/"},{"@type":"ListItem","position":2,"name":"Transfert Priv\u00e9 A\u00e9roport Milan Malpensa"}]},{"@type":"WebSite","@id":"https:\/\/www.ruby-services.com\/fr\/#website","url":"https:\/\/www.ruby-services.com\/fr\/","name":"Ruby Services","description":"","potentialAction":[{"@type":"SearchAction","target":{"@type":"EntryPoint","urlTemplate":"https:\/\/www.ruby-services.com\/fr\/?s={search_term_string}"},"query-input":{"@type":"PropertyValueSpecification","valueRequired":true,"valueName":"search_term_string"}}],"inLanguage":"fr-FR"}]}},"_links":{"self":[{"href":"https:\/\/www.ruby-services.com\/fr\/wp-json\/wp\/v2\/transfert-prive\/5926","targetHints":{"allow":["GET"]}}],"collection":[{"href":"https:\/\/www.ruby-services.com\/fr\/wp-json\/wp\/v2\/transfert-prive"}],"about":[{"href":"https:\/\/www.ruby-services.com\/fr\/wp-json\/wp\/v2\/types\/transfert-prive"}],"wp:attachment":[{"href":"https:\/\/www.ruby-services.com\/fr\/wp-json\/wp\/v2\/media?parent=5926"}],"curies":[{"name":"wp","href":"https:\/\/api.w.org\/{rel}","templated":true}]}}